{"id":3074,"date":"2023-10-28T11:20:43","date_gmt":"2023-10-28T09:20:43","guid":{"rendered":"https:\/\/club-kilt.bzh\/?page_id=3074"},"modified":"2024-08-12T16:59:24","modified_gmt":"2024-08-12T14:59:24","slug":"qui-sommes-nous","status":"publish","type":"page","link":"https:\/\/club-kilt.bzh\/?page_id=3074","title":{"rendered":"Qui sommes-nous ?"},"content":{"rendered":"\t\t<div data-elementor-type=\"wp-page\" data-elementor-id=\"3074\" class=\"elementor elementor-3074\">\n\t\t\t\t<div class=\"elementor-element elementor-element-f74c82f e-flex e-con-boxed e-con e-parent\" data-id=\"f74c82f\" data-element_type=\"container\" data-e-type=\"container\">\n\t\t\t\t\t<div class=\"e-con-inner\">\n\t\t\t\t<div class=\"elementor-element elementor-element-1f93d3a elementor-widget elementor-widget-heading\" data-id=\"1f93d3a\" data-element_type=\"widget\" data-e-type=\"widget\" data-widget_type=\"heading.default\">\n\t\t\t\t<div class=\"elementor-widget-container\">\n\t\t\t\t\t<div class=\"elementor-heading-title elementor-size-large\">L'histoire du Club Kilt du Pays de Lorient<\/div>\t\t\t\t<\/div>\n\t\t\t\t<\/div>\n\t\t\t\t\t<\/div>\n\t\t\t\t<\/div>\n\t\t<div class=\"elementor-element elementor-element-ddab67c e-flex e-con-boxed e-con e-parent\" data-id=\"ddab67c\" data-element_type=\"container\" data-e-type=\"container\">\n\t\t\t\t\t<div class=\"e-con-inner\">\n\t\t\t\t<div class=\"elementor-element elementor-element-54cbef0 elementor-widget elementor-widget-text-editor\" data-id=\"54cbef0\" data-element_type=\"widget\" data-e-type=\"widget\" data-widget_type=\"text-editor.default\">\n\t\t\t\t<div class=\"elementor-widget-container\">\n\t\t\t\t\t\t\t\t\t<p>Fiers d&rsquo;afficher notre celtitude, au travers d\u2019un pass\u00e9 historique entre la Bretagne et l\u2019Ecosse\u2026<br><span style=\"text-align: var(--text-align);\">D\u00e9couvrez le tartan pour le pays de LORIENT.<\/span><\/p>\t\t\t\t\t\t\t\t<\/div>\n\t\t\t\t<\/div>\n\t\t\t\t\t<\/div>\n\t\t\t\t<\/div>\n\t\t<div class=\"elementor-element elementor-element-8b6a8ae e-flex e-con-boxed e-con e-parent\" data-id=\"8b6a8ae\" data-element_type=\"container\" data-e-type=\"container\">\n\t\t\t\t\t<div class=\"e-con-inner\">\n\t\t<div class=\"elementor-element elementor-element-db04a91 e-con-full e-flex e-con e-child\" data-id=\"db04a91\" data-element_type=\"container\" data-e-type=\"container\">\n\t\t\t\t<div class=\"elementor-element elementor-element-924e156 elementor-widget elementor-widget-text-editor\" data-id=\"924e156\" data-element_type=\"widget\" data-e-type=\"widget\" data-widget_type=\"text-editor.default\">\n\t\t\t\t<div class=\"elementor-widget-container\">\n\t\t\t\t\t\t\t\t\t<p><span id=\"docs-internal-guid-c7b7e977-7fff-9f7f-af35-8c6120cfc3c2\"><span style=\"border: none; display: inline-block; overflow: hidden; width: 141px; height: 166px;\"><img decoding=\"async\" class=\"aligncenter\" style=\"margin-left: 0px; margin-top: 0px;\" src=\"https:\/\/lh7-us.googleusercontent.com\/VkH5KH7JIQlJ6mlXUNfXTkZOfRReSg7bT7mRJO7wabyEsUVLu2NWgI6c2jcfvmXDi1JKiITWweC_ZhLykO99J7mzIKsTq94CI-z4K5RGYi7FRAJFXUYLslVX5jWKKenaqCWBDTFvs1JVKYyLvK9uJ3c\" alt=\"\" width=\"184\" height=\"217\" \/><\/span><\/span><\/p>\t\t\t\t\t\t\t\t<\/div>\n\t\t\t\t<\/div>\n\t\t\t\t<\/div>\n\t\t<div class=\"elementor-element elementor-element-eb07137 e-con-full e-flex e-con e-child\" data-id=\"eb07137\" data-element_type=\"container\" data-e-type=\"container\">\n\t\t\t\t<div class=\"elementor-element elementor-element-e26ae88 elementor-widget__width-initial elementor-widget elementor-widget-text-editor\" data-id=\"e26ae88\" data-element_type=\"widget\" data-e-type=\"widget\" data-widget_type=\"text-editor.default\">\n\t\t\t\t<div class=\"elementor-widget-container\">\n\t\t\t\t\t\t\t\t\t<p>Un tartan sp\u00e9cialement dessin\u00e9 pour notre association et d\u00e9pos\u00e9 au \u00ab <a href=\"https:\/\/www.tartanregister.gov.uk\/tartanDetails?ref=11948\">Scottish Register of Tartans<\/a> \u00bb. Il est compos\u00e9 de 5 couleurs : deux bleus diff\u00e9rents qui correspondent aux bleus des blasons de Port-Louis, Ploemeur et Hennebont qui se sont pench\u00e9s sur le berceau de Lorient, nouveau-n\u00e9. Le rouge et le jaune du blason de Lorient :\u00a0 \u00e9cu de gueule (rouge) et bezans d\u2019or (pi\u00e8ces d\u2019or de l\u2019\u00e9poque romaine) qui viennent \u00e9gayer le tartan.<\/p>\t\t\t\t\t\t\t\t<\/div>\n\t\t\t\t<\/div>\n\t\t\t\t<\/div>\n\t\t\t\t\t<\/div>\n\t\t\t\t<\/div>\n\t\t<div class=\"elementor-element elementor-element-489bc48 e-flex e-con-boxed e-con e-parent\" data-id=\"489bc48\" data-element_type=\"container\" data-e-type=\"container\">\n\t\t\t\t\t<div class=\"e-con-inner\">\n\t\t\t\t<div class=\"elementor-element elementor-element-33eb345 elementor-widget elementor-widget-heading\" data-id=\"33eb345\" data-element_type=\"widget\" data-e-type=\"widget\" data-widget_type=\"heading.default\">\n\t\t\t\t<div class=\"elementor-widget-container\">\n\t\t\t\t\t<h6 class=\"elementor-heading-title elementor-size-medium\">L'histoire du Kilt en Bretagne<\/h6>\t\t\t\t<\/div>\n\t\t\t\t<\/div>\n\t\t\t\t<div class=\"elementor-element elementor-element-0d31436 elementor-widget elementor-widget-toggle\" data-id=\"0d31436\" data-element_type=\"widget\" data-e-type=\"widget\" data-widget_type=\"toggle.default\">\n\t\t\t\t<div class=\"elementor-widget-container\">\n\t\t\t\t\t\t\t<div class=\"elementor-toggle\">\n\t\t\t\t\t\t\t<div class=\"elementor-toggle-item\">\n\t\t\t\t\t<div id=\"elementor-tab-title-1381\" class=\"elementor-tab-title\" data-tab=\"1\" role=\"button\" aria-controls=\"elementor-tab-content-1381\" aria-expanded=\"false\">\n\t\t\t\t\t\t\t\t\t\t\t\t<span class=\"elementor-toggle-icon elementor-toggle-icon-left\" aria-hidden=\"true\">\n\t\t\t\t\t\t\t\t\t\t\t\t\t\t\t<span class=\"elementor-toggle-icon-closed\"><svg class=\"e-font-icon-svg e-fas-caret-right\" viewBox=\"0 0 192 512\" xmlns=\"http:\/\/www.w3.org\/2000\/svg\"><path d=\"M0 384.662V127.338c0-17.818 21.543-26.741 34.142-14.142l128.662 128.662c7.81 7.81 7.81 20.474 0 28.284L34.142 398.804C21.543 411.404 0 402.48 0 384.662z\"><\/path><\/svg><\/span>\n\t\t\t\t\t\t\t\t<span class=\"elementor-toggle-icon-opened\"><svg class=\"elementor-toggle-icon-opened e-font-icon-svg e-fas-caret-up\" viewBox=\"0 0 320 512\" xmlns=\"http:\/\/www.w3.org\/2000\/svg\"><path d=\"M288.662 352H31.338c-17.818 0-26.741-21.543-14.142-34.142l128.662-128.662c7.81-7.81 20.474-7.81 28.284 0l128.662 128.662c12.6 12.599 3.676 34.142-14.142 34.142z\"><\/path><\/svg><\/span>\n\t\t\t\t\t\t\t\t\t\t\t\t\t<\/span>\n\t\t\t\t\t\t\t\t\t\t\t\t<a class=\"elementor-toggle-title\" tabindex=\"0\">1548<\/a>\n\t\t\t\t\t<\/div>\n\n\t\t\t\t\t<div id=\"elementor-tab-content-1381\" class=\"elementor-tab-content elementor-clearfix\" data-tab=\"1\" role=\"region\" aria-labelledby=\"elementor-tab-title-1381\"><p><span style=\"font-weight: 400;\">C\u2019est en 1548\u00a0 que la reine des Ecossais <strong>Mary STUART<\/strong>, future reine de France, donne aux bretons le droit de port du kilt. Juillet 1548, menac\u00e9e par les Anglais , fran\u00e7ais et \u00e9cossais \u00e9vacuent Mary d\u2019ECOSSE. Elle embarque sur un navire mis \u00e0 disposition par la France. L\u2019annexion r\u00e9cente de la Bretagne fait que l\u2019essentiel de la flotte fran\u00e7aise est constitu\u00e9 de navires et de marins Bretons.<\/span><\/p><p><span style=\"font-weight: 400;\">La flotte d\u00e9barque \u00e0 ROSCOFF d\u00e9but ao\u00fbt, Mary STUART n\u2019avait que 6 ans. Elle y restera cach\u00e9e avant de rejoindre la cour du roi de France, deux mois plus tard. <\/span><b>En retour, elle accordera aux bretons le droit de porter le kilt en tant que nation s\u0153ur de l\u2019Ecosse.<\/b><\/p><\/div>\n\t\t\t\t<\/div>\n\t\t\t\t\t\t\t<div class=\"elementor-toggle-item\">\n\t\t\t\t\t<div id=\"elementor-tab-title-1382\" class=\"elementor-tab-title\" data-tab=\"2\" role=\"button\" aria-controls=\"elementor-tab-content-1382\" aria-expanded=\"false\">\n\t\t\t\t\t\t\t\t\t\t\t\t<span class=\"elementor-toggle-icon elementor-toggle-icon-left\" aria-hidden=\"true\">\n\t\t\t\t\t\t\t\t\t\t\t\t\t\t\t<span class=\"elementor-toggle-icon-closed\"><svg class=\"e-font-icon-svg e-fas-caret-right\" viewBox=\"0 0 192 512\" xmlns=\"http:\/\/www.w3.org\/2000\/svg\"><path d=\"M0 384.662V127.338c0-17.818 21.543-26.741 34.142-14.142l128.662 128.662c7.81 7.81 7.81 20.474 0 28.284L34.142 398.804C21.543 411.404 0 402.48 0 384.662z\"><\/path><\/svg><\/span>\n\t\t\t\t\t\t\t\t<span class=\"elementor-toggle-icon-opened\"><svg class=\"elementor-toggle-icon-opened e-font-icon-svg e-fas-caret-up\" viewBox=\"0 0 320 512\" xmlns=\"http:\/\/www.w3.org\/2000\/svg\"><path d=\"M288.662 352H31.338c-17.818 0-26.741-21.543-14.142-34.142l128.662-128.662c7.81-7.81 20.474-7.81 28.284 0l128.662 128.662c12.6 12.599 3.676 34.142-14.142 34.142z\"><\/path><\/svg><\/span>\n\t\t\t\t\t\t\t\t\t\t\t\t\t<\/span>\n\t\t\t\t\t\t\t\t\t\t\t\t<a class=\"elementor-toggle-title\" tabindex=\"0\">La tenue<\/a>\n\t\t\t\t\t<\/div>\n\n\t\t\t\t\t<div id=\"elementor-tab-content-1382\" class=\"elementor-tab-content elementor-clearfix\" data-tab=\"2\" role=\"region\" aria-labelledby=\"elementor-tab-title-1382\"><p><span style=\"font-weight: 400;\">A cette \u00e9poque il s\u2019agissait d\u2019un v\u00eatement connu sous le nom de \u00ab brat \u00bb ou manteau de laine (\u00e9galement connu sous le nom de plaid) qui \u00e9tait port\u00e9 par-dessus une tunique. Au cours du XVIe si\u00e8cle, \u00e0 mesure que la laine devenait plus facilement disponible, cette cape atteignit une taille telle qu\u2019elle commen\u00e7a \u00e0 \u00eatre rassembl\u00e9e et ceintur\u00e9e, et ce furent les d\u00e9buts du grand kilt.<\/span><\/p><p><span style=\"font-weight: 400;\">Le plaid, \u00e9tait peu adapt\u00e9 au travail \u00e0 l\u2019usine. Alors, vers 1720, un petit coup de ciseaux et de l\u2019ing\u00e9niosit\u00e9 ont permis de modifier le plaid en kilt. C\u2019est un industriel anglais (oui ! Anglais !) qui en eut l\u2019id\u00e9e et serait donc \u00e0 l\u2019origine du kilt moderne.<\/span><\/p><\/div>\n\t\t\t\t<\/div>\n\t\t\t\t\t\t\t<div class=\"elementor-toggle-item\">\n\t\t\t\t\t<div id=\"elementor-tab-title-1383\" class=\"elementor-tab-title\" data-tab=\"3\" role=\"button\" aria-controls=\"elementor-tab-content-1383\" aria-expanded=\"false\">\n\t\t\t\t\t\t\t\t\t\t\t\t<span class=\"elementor-toggle-icon elementor-toggle-icon-left\" aria-hidden=\"true\">\n\t\t\t\t\t\t\t\t\t\t\t\t\t\t\t<span class=\"elementor-toggle-icon-closed\"><svg class=\"e-font-icon-svg e-fas-caret-right\" viewBox=\"0 0 192 512\" xmlns=\"http:\/\/www.w3.org\/2000\/svg\"><path d=\"M0 384.662V127.338c0-17.818 21.543-26.741 34.142-14.142l128.662 128.662c7.81 7.81 7.81 20.474 0 28.284L34.142 398.804C21.543 411.404 0 402.48 0 384.662z\"><\/path><\/svg><\/span>\n\t\t\t\t\t\t\t\t<span class=\"elementor-toggle-icon-opened\"><svg class=\"elementor-toggle-icon-opened e-font-icon-svg e-fas-caret-up\" viewBox=\"0 0 320 512\" xmlns=\"http:\/\/www.w3.org\/2000\/svg\"><path d=\"M288.662 352H31.338c-17.818 0-26.741-21.543-14.142-34.142l128.662-128.662c7.81-7.81 20.474-7.81 28.284 0l128.662 128.662c12.6 12.599 3.676 34.142-14.142 34.142z\"><\/path><\/svg><\/span>\n\t\t\t\t\t\t\t\t\t\t\t\t\t<\/span>\n\t\t\t\t\t\t\t\t\t\t\t\t<a class=\"elementor-toggle-title\" tabindex=\"0\">Le Kilt en Bretagne<\/a>\n\t\t\t\t\t<\/div>\n\n\t\t\t\t\t<div id=\"elementor-tab-content-1383\" class=\"elementor-tab-content elementor-clearfix\" data-tab=\"3\" role=\"region\" aria-labelledby=\"elementor-tab-title-1383\"><p><i><span style=\"font-weight: 400;\">\u00a0Le \u00ab\u00a0festival des cornemuses\u00a0\u00bb s\u2019installe \u00e0 Lorient en 1971 et devient d\u00e8s 1972 \u00ab\u00a0Festival Interceltique\u00a0\u00bb, r\u00e9unissant pour la premi\u00e8re fois , pipe band, banda de ga\u00efteros, bagadous, cercles celtiques . Le F.I.L. , aujourd\u2019hui, de notori\u00e9t\u00e9 mondiale a \u00e9t\u00e9 la catalyseur de cet \u00e9lan \u00ab\u00a0Celtique\u00a0\u00bb. <br \/>Les porteurs de kilt sont toujours plus nombreux\u00a0 tout autant que tartans et pipe band.\u00a0 Au cours de l\u2019ann\u00e9e 1999, un breton porteur de kilt, <strong>Richard DUCLOS<\/strong> d\u00e9sirant aussi afficher ses origines,\u00a0 d\u00e9cida de faire cohabiter les deux. Il fallait cr\u00e9er des tartans propres \u00e0 la bretagne.<\/span><\/i><i><span style=\"font-weight: 400;\"><br \/><\/span><\/i><i><span style=\"font-weight: 400;\"><br \/><\/span><\/i><i><span style=\"font-weight: 400;\">L\u2019aboutissement de son travail permet d\u2019enregistrer le Tartan National Breton (TNB) \u00e0 la Scottish Tartans Autority et le World Register en Ecosse en 2002. <\/span><\/i><i><span style=\"font-weight: 400;\"><br \/><\/span><\/i><i><span style=\"font-weight: 400;\"><br \/><\/span><\/i><span style=\"font-weight: 400;\">Le tartan breton est compos\u00e9 bien sur de NOIR et de BLANC (Gwen ha Du) ,le VERT de l\u2019Argoat (terre) et le bleu de l\u2019Armor (Mer). Symboliquement, l\u2019Armor ceinture l\u2019Argoat, ainsi que les neuf pays bretons repr\u00e9sent\u00e9s par les neuf petits carreaux blancs.<\/span><\/p><p><img decoding=\"async\" class=\"aligncenter\" src=\"https:\/\/ekladata.com\/tBsFo7IeAx4hLx4YSrrT-UtyBy0.jpg\" alt=\"Les tartans bretons - Tartangirl's Wardrobe\" \/><\/p><\/div>\n\t\t\t\t<\/div>\n\t\t\t\t\t\t\t<div class=\"elementor-toggle-item\">\n\t\t\t\t\t<div id=\"elementor-tab-title-1384\" class=\"elementor-tab-title\" data-tab=\"4\" role=\"button\" aria-controls=\"elementor-tab-content-1384\" aria-expanded=\"false\">\n\t\t\t\t\t\t\t\t\t\t\t\t<span class=\"elementor-toggle-icon elementor-toggle-icon-left\" aria-hidden=\"true\">\n\t\t\t\t\t\t\t\t\t\t\t\t\t\t\t<span class=\"elementor-toggle-icon-closed\"><svg class=\"e-font-icon-svg e-fas-caret-right\" viewBox=\"0 0 192 512\" xmlns=\"http:\/\/www.w3.org\/2000\/svg\"><path d=\"M0 384.662V127.338c0-17.818 21.543-26.741 34.142-14.142l128.662 128.662c7.81 7.81 7.81 20.474 0 28.284L34.142 398.804C21.543 411.404 0 402.48 0 384.662z\"><\/path><\/svg><\/span>\n\t\t\t\t\t\t\t\t<span class=\"elementor-toggle-icon-opened\"><svg class=\"elementor-toggle-icon-opened e-font-icon-svg e-fas-caret-up\" viewBox=\"0 0 320 512\" xmlns=\"http:\/\/www.w3.org\/2000\/svg\"><path d=\"M288.662 352H31.338c-17.818 0-26.741-21.543-14.142-34.142l128.662-128.662c7.81-7.81 20.474-7.81 28.284 0l128.662 128.662c12.6 12.599 3.676 34.142-14.142 34.142z\"><\/path><\/svg><\/span>\n\t\t\t\t\t\t\t\t\t\t\t\t\t<\/span>\n\t\t\t\t\t\t\t\t\t\t\t\t<a class=\"elementor-toggle-title\" tabindex=\"0\">Le Gwenn ha du<\/a>\n\t\t\t\t\t<\/div>\n\n\t\t\t\t\t<div id=\"elementor-tab-content-1384\" class=\"elementor-tab-content elementor-clearfix\" data-tab=\"4\" role=\"region\" aria-labelledby=\"elementor-tab-title-1384\"><p><span style=\"font-weight: 400;\">Cr\u00e9\u00e9 en 1923 ,le Gwenn ha du s\u2019affiche d\u00e9sormais comme le symbole incontest\u00e9 de la Bretagne. <\/span><span style=\"font-weight: 400;\">2023 \u00e9tait l&rsquo;ann\u00e9e du centenaire du \u00ab GWEN HA DU \u00bb<\/span><\/p><ul><li><span style=\"font-weight: 400;\"> \u00a0 \u00a0 \u00a0 <strong>Signification du drapeau breton<\/strong><\/span><\/li><\/ul><p><span style=\"font-weight: 400;\">Le Gwenn ha du signifie litt\u00e9ralement \u00ab noir et blanc \u00bb, couleurs historiques de la Bretagne. Mais comment peut-on expliquer la composition du drapeau breton ?<\/span><\/p><p><span style=\"font-weight: 400;\">\u2013 Les <strong>mouchetures d\u2019hermine<\/strong> sont au nombre de 11. Le choix de ce nombre pr\u00e9cis ne repr\u00e9sente rien de particulier et demeure \u00e0 ce jour inconnu. En revanche, l\u2019hermine en tant que symbole n\u2019a rien d\u2019anodin.<\/span><\/p><p><span style=\"font-weight: 400;\">\u2013 Les <strong>quatre bandes blanches<\/strong> repr\u00e9sentent les quatre pays de la Basse-Bretagne : Bro-Leon (L\u00e9on), Bro-Gernev (Cornouaille), Bro-Wened (Vannetais) et Bro-Dreger (Tr\u00e9gor). Le territoire de la Basse-Bretagne occupe la partie sud et occidentale de la r\u00e9gion bretonne.<\/span><\/p><p><span style=\"font-weight: 400;\">\u2013 Les <strong>cinq bandes noires<\/strong> repr\u00e9sentent les cinq pays de Haute-Bretagne : Bro-Sant-Brieg (Saint-Brieuc), Bro-Zol (Dol), Bro-Sant-Malo\u00f9 (Saint-Malo), Bro-Roazhon (Rennes) et Bro-Naoned <\/span><\/p><\/div>\n\t\t\t\t<\/div>\n\t\t\t\t\t\t\t<div class=\"elementor-toggle-item\">\n\t\t\t\t\t<div id=\"elementor-tab-title-1385\" class=\"elementor-tab-title\" data-tab=\"5\" role=\"button\" aria-controls=\"elementor-tab-content-1385\" aria-expanded=\"false\">\n\t\t\t\t\t\t\t\t\t\t\t\t<span class=\"elementor-toggle-icon elementor-toggle-icon-left\" aria-hidden=\"true\">\n\t\t\t\t\t\t\t\t\t\t\t\t\t\t\t<span class=\"elementor-toggle-icon-closed\"><svg class=\"e-font-icon-svg e-fas-caret-right\" viewBox=\"0 0 192 512\" xmlns=\"http:\/\/www.w3.org\/2000\/svg\"><path d=\"M0 384.662V127.338c0-17.818 21.543-26.741 34.142-14.142l128.662 128.662c7.81 7.81 7.81 20.474 0 28.284L34.142 398.804C21.543 411.404 0 402.48 0 384.662z\"><\/path><\/svg><\/span>\n\t\t\t\t\t\t\t\t<span class=\"elementor-toggle-icon-opened\"><svg class=\"elementor-toggle-icon-opened e-font-icon-svg e-fas-caret-up\" viewBox=\"0 0 320 512\" xmlns=\"http:\/\/www.w3.org\/2000\/svg\"><path d=\"M288.662 352H31.338c-17.818 0-26.741-21.543-14.142-34.142l128.662-128.662c7.81-7.81 20.474-7.81 28.284 0l128.662 128.662c12.6 12.599 3.676 34.142-14.142 34.142z\"><\/path><\/svg><\/span>\n\t\t\t\t\t\t\t\t\t\t\t\t\t<\/span>\n\t\t\t\t\t\t\t\t\t\t\t\t<a class=\"elementor-toggle-title\" tabindex=\"0\">Les Stuart : Ces Bretons qui ont r\u00e9gn\u00e9 sur les \u00eeles britanniques pendant 350 ans<\/a>\n\t\t\t\t\t<\/div>\n\n\t\t\t\t\t<div id=\"elementor-tab-content-1385\" class=\"elementor-tab-content elementor-clearfix\" data-tab=\"5\" role=\"region\" aria-labelledby=\"elementor-tab-title-1385\"><p><i>par\u00a0<\/i>Nicolas Fontaine<\/p><p style=\"text-align: center;\">https:\/\/histoiresroyales.fr\/histoire-stewart-stuart-fitzalan-dol\/<\/p><p>La famille Stuart est l\u2019une des familles les plus connues au monde. Des s\u00e9ries, des livres, des rumeurs et des intrigues fantasmagoriques entourent ce nom l\u00e9gendaire de la plus grande dynastie britannique. Les Stuart ont r\u00e9gn\u00e9 sur l\u2019\u00c9cosse d\u00e8s 1371, puis sur tous les territoires du Royaume-Uni de 1603 \u00e0 1714. Mais saviez-vous que cette dynastie \u00e9cossaise, qui portait d\u2019abord le nom de Stewart, \u00e9tait issue du clan FitzAlan, d\u2019origine bretonne ? Les origines de Stewart ont longtemps \u00e9t\u00e9 un sujet de controverse, notamment \u00e0 cause des l\u00e9gendes propag\u00e9es pendant des si\u00e8cles. Par exemple, Shakespeare s\u2019est inspir\u00e9 des travaux de l\u2019historien du 16e si\u00e8cle Rapha\u00ebl Holinshed pour \u00e9crire Macbeth. La lecture de cette trag\u00e9die laisse penser que les Stuart descendent de Fl\u00e9ance, fils du l\u00e9gendaire Banquo, thegn de Lochaber. Les origines racont\u00e9es ici, se basent sur les derni\u00e8res versions approuv\u00e9es par les historiens contemporains, gr\u00e2ce aux recherches de Sir James Balfour Paul, publi\u00e9es dans\u00a0<i>The Scots peerage\u00a0<\/i>en 1907, qui confirment des premi\u00e8res hypoth\u00e8ses de John Horace Round en 1901.<\/p><\/div>\n\t\t\t\t<\/div>\n\t\t\t\t\t\t\t\t<\/div>\n\t\t\t\t\t\t<\/div>\n\t\t\t\t<\/div>\n\t\t\t\t<div class=\"elementor-element elementor-element-c0bc904 elementor-widget elementor-widget-spacer\" data-id=\"c0bc904\" data-element_type=\"widget\" data-e-type=\"widget\" data-widget_type=\"spacer.default\">\n\t\t\t\t<div class=\"elementor-widget-container\">\n\t\t\t\t\t\t\t<div class=\"elementor-spacer\">\n\t\t\t<div class=\"elementor-spacer-inner\"><\/div>\n\t\t<\/div>\n\t\t\t\t\t\t<\/div>\n\t\t\t\t<\/div>\n\t\t\t\t\t<\/div>\n\t\t\t\t<\/div>\n\t\t<div class=\"elementor-element elementor-element-e348cab e-flex e-con-boxed e-con e-parent\" data-id=\"e348cab\" data-element_type=\"container\" data-e-type=\"container\">\n\t\t\t\t\t<div class=\"e-con-inner\">\n\t\t<div class=\"elementor-element elementor-element-b7a38f9 e-con-full e-flex e-con e-child\" data-id=\"b7a38f9\" data-element_type=\"container\" data-e-type=\"container\">\n\t\t\t\t<div class=\"elementor-element elementor-element-2f69201 elementor-widget__width-initial elementor-widget elementor-widget-image\" data-id=\"2f69201\" data-element_type=\"widget\" data-e-type=\"widget\" data-widget_type=\"image.default\">\n\t\t\t\t<div class=\"elementor-widget-container\">\n\t\t\t\t\t\t\t\t\t\t\t\t\t\t\t<img fetchpriority=\"high\" decoding=\"async\" width=\"300\" height=\"188\" src=\"https:\/\/club-kilt.bzh\/wp-content\/uploads\/2022\/05\/DRAPEAU-AU-10e-300x188.jpg\" class=\"attachment-medium size-medium wp-image-1784\" alt=\"\" srcset=\"https:\/\/club-kilt.bzh\/wp-content\/uploads\/2022\/05\/DRAPEAU-AU-10e-300x188.jpg 300w, https:\/\/club-kilt.bzh\/wp-content\/uploads\/2022\/05\/DRAPEAU-AU-10e-1024x640.jpg 1024w, https:\/\/club-kilt.bzh\/wp-content\/uploads\/2022\/05\/DRAPEAU-AU-10e-768x480.jpg 768w, https:\/\/club-kilt.bzh\/wp-content\/uploads\/2022\/05\/DRAPEAU-AU-10e-400x250.jpg 400w, https:\/\/club-kilt.bzh\/wp-content\/uploads\/2022\/05\/DRAPEAU-AU-10e-1080x675.jpg 1080w, https:\/\/club-kilt.bzh\/wp-content\/uploads\/2022\/05\/DRAPEAU-AU-10e.jpg 1152w\" sizes=\"100vw\" \/>\t\t\t\t\t\t\t\t\t\t\t\t\t\t\t<\/div>\n\t\t\t\t<\/div>\n\t\t\t\t<\/div>\n\t\t<div class=\"elementor-element elementor-element-91d5678 e-con-full e-flex e-con e-child\" data-id=\"91d5678\" data-element_type=\"container\" data-e-type=\"container\">\n\t\t\t\t<div class=\"elementor-element elementor-element-49642e7 elementor-widget elementor-widget-text-editor\" data-id=\"49642e7\" data-element_type=\"widget\" data-e-type=\"widget\" data-widget_type=\"text-editor.default\">\n\t\t\t\t<div class=\"elementor-widget-container\">\n\t\t\t\t\t\t\t\t\t<p>\u00a0Le drapeau du CLUB KILT du Pays de Lorient reprend la devise de la ville de Lorient :\u00a0<\/p><p><i>\u00ab AB ORIENTE REFULGET\u00a0 \u00bb\u00a0<\/i><\/p><p><i>\u00ab C\u2019EST DE L\u2019ORIENT QU\u2019ELLE RESPLENDIT \u00bb<\/i><\/p>\t\t\t\t\t\t\t\t<\/div>\n\t\t\t\t<\/div>\n\t\t\t\t<\/div>\n\t\t<div class=\"elementor-element elementor-element-ab20131 e-con-full e-flex e-con e-child\" data-id=\"ab20131\" data-element_type=\"container\" data-e-type=\"container\">\n\t\t\t\t<div class=\"elementor-element elementor-element-330a4ab elementor-widget elementor-widget-spacer\" data-id=\"330a4ab\" data-element_type=\"widget\" data-e-type=\"widget\" data-widget_type=\"spacer.default\">\n\t\t\t\t<div class=\"elementor-widget-container\">\n\t\t\t\t\t\t\t<div class=\"elementor-spacer\">\n\t\t\t<div class=\"elementor-spacer-inner\"><\/div>\n\t\t<\/div>\n\t\t\t\t\t\t<\/div>\n\t\t\t\t<\/div>\n\t\t\t\t<\/div>\n\t\t\t\t\t<\/div>\n\t\t\t\t<\/div>\n\t\t<div class=\"elementor-element elementor-element-046974c e-flex e-con-boxed e-con e-parent\" data-id=\"046974c\" data-element_type=\"container\" data-e-type=\"container\">\n\t\t\t\t\t<div class=\"e-con-inner\">\n\t\t<div class=\"elementor-element elementor-element-bcd0715 e-con-full e-flex e-con e-child\" data-id=\"bcd0715\" data-element_type=\"container\" data-e-type=\"container\">\n\t\t\t\t<div class=\"elementor-element elementor-element-088b96e elementor-widget elementor-widget-heading\" data-id=\"088b96e\" data-element_type=\"widget\" data-e-type=\"widget\" data-widget_type=\"heading.default\">\n\t\t\t\t<div class=\"elementor-widget-container\">\n\t\t\t\t\t<h6 class=\"elementor-heading-title elementor-size-medium\">V\u00eatir la Grande Tenue<\/h6>\t\t\t\t<\/div>\n\t\t\t\t<\/div>\n\t\t\t\t<div class=\"elementor-element elementor-element-9c21378 elementor-widget elementor-widget-text-editor\" data-id=\"9c21378\" data-element_type=\"widget\" data-e-type=\"widget\" data-widget_type=\"text-editor.default\">\n\t\t\t\t<div class=\"elementor-widget-container\">\n\t\t\t\t\t\t\t\t\t<p>Le Club se tient \u00e0 la disposition de nouveaux adh\u00e9rents pour le premier essayage, ci-dessous un aper\u00e7u de comment porter la tenue.\u00a0<\/p>\t\t\t\t\t\t\t\t<\/div>\n\t\t\t\t<\/div>\n\t\t<div class=\"elementor-element elementor-element-1130c96 e-con-full e-flex e-con e-child\" data-id=\"1130c96\" data-element_type=\"container\" data-e-type=\"container\">\n\t\t\t\t<div class=\"elementor-element elementor-element-11e4e88 elementor-widget elementor-widget-video\" data-id=\"11e4e88\" data-element_type=\"widget\" data-e-type=\"widget\" data-settings=\"{&quot;youtube_url&quot;:&quot;https:\\\/\\\/www.youtube.com\\\/watch?v=50rEIHC6lB0&quot;,&quot;video_type&quot;:&quot;youtube&quot;,&quot;controls&quot;:&quot;yes&quot;}\" data-widget_type=\"video.default\">\n\t\t\t\t<div class=\"elementor-widget-container\">\n\t\t\t\t\t\t\t<div class=\"elementor-wrapper elementor-open-inline\">\n\t\t\t<div class=\"elementor-video\"><\/div>\t\t<\/div>\n\t\t\t\t\t\t<\/div>\n\t\t\t\t<\/div>\n\t\t\t\t<\/div>\n\t\t\t\t<\/div>\n\t\t<div class=\"elementor-element elementor-element-6c00e1a e-con-full e-flex e-con e-child\" data-id=\"6c00e1a\" data-element_type=\"container\" data-e-type=\"container\">\n\t\t\t\t<div class=\"elementor-element elementor-element-2771795 elementor-widget elementor-widget-image\" data-id=\"2771795\" data-element_type=\"widget\" data-e-type=\"widget\" data-widget_type=\"image.default\">\n\t\t\t\t<div class=\"elementor-widget-container\">\n\t\t\t\t\t\t\t\t\t\t\t\t\t\t\t<img decoding=\"async\" width=\"950\" height=\"842\" src=\"https:\/\/club-kilt.bzh\/wp-content\/uploads\/2018\/05\/Grande-tenue-fly-plaid-le-kit-2-e1698593050389-1024x908.jpg\" class=\"attachment-large size-large wp-image-85\" alt=\"Grande Tenue\" srcset=\"https:\/\/club-kilt.bzh\/wp-content\/uploads\/2018\/05\/Grande-tenue-fly-plaid-le-kit-2-e1698593050389-1024x908.jpg 1024w, https:\/\/club-kilt.bzh\/wp-content\/uploads\/2018\/05\/Grande-tenue-fly-plaid-le-kit-2-e1698593050389-300x266.jpg 300w, https:\/\/club-kilt.bzh\/wp-content\/uploads\/2018\/05\/Grande-tenue-fly-plaid-le-kit-2-e1698593050389-768x681.jpg 768w, https:\/\/club-kilt.bzh\/wp-content\/uploads\/2018\/05\/Grande-tenue-fly-plaid-le-kit-2-e1698593050389-1536x1361.jpg 1536w, https:\/\/club-kilt.bzh\/wp-content\/uploads\/2018\/05\/Grande-tenue-fly-plaid-le-kit-2-e1698593050389-2048x1815.jpg 2048w, https:\/\/club-kilt.bzh\/wp-content\/uploads\/2018\/05\/Grande-tenue-fly-plaid-le-kit-2-e1698593050389-2000x1773.jpg 2000w, https:\/\/club-kilt.bzh\/wp-content\/uploads\/2018\/05\/Grande-tenue-fly-plaid-le-kit-2-e1698593050389-600x532.jpg 600w, https:\/\/club-kilt.bzh\/wp-content\/uploads\/2018\/05\/Grande-tenue-fly-plaid-le-kit-2-e1698593050389-1200x1064.jpg 1200w\" sizes=\"100vw\" \/>\t\t\t\t\t\t\t\t\t\t\t\t\t\t\t<\/div>\n\t\t\t\t<\/div>\n\t\t\t\t<div class=\"elementor-element elementor-element-5a36ebc elementor-widget elementor-widget-heading\" data-id=\"5a36ebc\" data-element_type=\"widget\" data-e-type=\"widget\" data-widget_type=\"heading.default\">\n\t\t\t\t<div class=\"elementor-widget-container\">\n\t\t\t\t\t<p class=\"elementor-heading-title elementor-size-small\">*Photo non contractuelle<\/p>\t\t\t\t<\/div>\n\t\t\t\t<\/div>\n\t\t\t\t<\/div>\n\t\t\t\t\t<\/div>\n\t\t\t\t<\/div>\n\t\t<div class=\"elementor-element elementor-element-dfb1178 e-flex e-con-boxed e-con e-parent\" data-id=\"dfb1178\" data-element_type=\"container\" data-e-type=\"container\">\n\t\t\t\t\t<div class=\"e-con-inner\">\n\t\t\t\t<div class=\"elementor-element elementor-element-ebf59f3 elementor-align-center elementor-widget elementor-widget-button\" data-id=\"ebf59f3\" data-element_type=\"widget\" data-e-type=\"widget\" data-widget_type=\"button.default\">\n\t\t\t\t<div class=\"elementor-widget-container\">\n\t\t\t\t\t\t\t\t\t<div class=\"elementor-button-wrapper\">\n\t\t\t\t\t<a class=\"elementor-button elementor-button-link elementor-size-sm\" href=\"https:\/\/club-kilt.bzh\/?page_id=3083\" target=\"_blank\">\n\t\t\t\t\t\t<span class=\"elementor-button-content-wrapper\">\n\t\t\t\t\t\t\t\t\t<span class=\"elementor-button-text\">Rejoindre le Club Kilt du Pays de Lorient<\/span>\n\t\t\t\t\t<\/span>\n\t\t\t\t\t<\/a>\n\t\t\t\t<\/div>\n\t\t\t\t\t\t\t\t<\/div>\n\t\t\t\t<\/div>\n\t\t\t\t<div class=\"elementor-element elementor-element-00f8222 elementor-tabs-view-horizontal elementor-widget elementor-widget-tabs\" data-id=\"00f8222\" data-element_type=\"widget\" data-e-type=\"widget\" data-widget_type=\"tabs.default\">\n\t\t\t\t<div class=\"elementor-widget-container\">\n\t\t\t\t\t\t\t<div class=\"elementor-tabs\">\n\t\t\t<div class=\"elementor-tabs-wrapper\" role=\"tablist\" >\n\t\t\t\t\t\t\t\t\t<div id=\"elementor-tab-title-1011\" class=\"elementor-tab-title elementor-tab-desktop-title\" aria-selected=\"true\" data-tab=\"1\" role=\"tab\" tabindex=\"0\" aria-controls=\"elementor-tab-content-1011\" aria-expanded=\"false\">Status Association Club Kilt du Pays de Lorient<\/div>\n\t\t\t\t\t\t\t<\/div>\n\t\t\t<div class=\"elementor-tabs-content-wrapper\" role=\"tablist\" aria-orientation=\"vertical\">\n\t\t\t\t\t\t\t\t\t<div class=\"elementor-tab-title elementor-tab-mobile-title\" aria-selected=\"true\" data-tab=\"1\" role=\"tab\" tabindex=\"0\" aria-controls=\"elementor-tab-content-1011\" aria-expanded=\"false\">Status Association Club Kilt du Pays de Lorient<\/div>\n\t\t\t\t\t<div id=\"elementor-tab-content-1011\" class=\"elementor-tab-content elementor-clearfix\" data-tab=\"1\" role=\"tabpanel\" aria-labelledby=\"elementor-tab-title-1011\" tabindex=\"0\" hidden=\"false\"><p><a href=\"https:\/\/club-kilt.bzh\/wp-content\/uploads\/2024\/08\/ClubKiltPDL-Statuts-062024.pdf\">ClubKiltPDL Statuts<\/a><\/p><\/div>\n\t\t\t\t\t\t\t<\/div>\n\t\t<\/div>\n\t\t\t\t\t\t<\/div>\n\t\t\t\t<\/div>\n\t\t\t\t<div class=\"elementor-element elementor-element-4c40270 elementor-widget elementor-widget-spacer\" data-id=\"4c40270\" data-element_type=\"widget\" data-e-type=\"widget\" data-widget_type=\"spacer.default\">\n\t\t\t\t<div class=\"elementor-widget-container\">\n\t\t\t\t\t\t\t<div class=\"elementor-spacer\">\n\t\t\t<div class=\"elementor-spacer-inner\"><\/div>\n\t\t<\/div>\n\t\t\t\t\t\t<\/div>\n\t\t\t\t<\/div>\n\t\t\t\t<div class=\"elementor-element elementor-element-f1d9e54 elementor-widget elementor-widget-spacer\" data-id=\"f1d9e54\" data-element_type=\"widget\" data-e-type=\"widget\" data-widget_type=\"spacer.default\">\n\t\t\t\t<div class=\"elementor-widget-container\">\n\t\t\t\t\t\t\t<div class=\"elementor-spacer\">\n\t\t\t<div class=\"elementor-spacer-inner\"><\/div>\n\t\t<\/div>\n\t\t\t\t\t\t<\/div>\n\t\t\t\t<\/div>\n\t\t\t\t\t<\/div>\n\t\t\t\t<\/div>\n\t\t\t\t<\/div>\n\t\t","protected":false},"excerpt":{"rendered":"<p>L&rsquo;histoire du Club Kilt du Pays de Lorient Fiers d&rsquo;afficher notre celtitude, au travers d\u2019un pass\u00e9 historique entre la Bretagne et l\u2019Ecosse\u2026D\u00e9couvrez le tartan pour le pays de LORIENT. Un tartan sp\u00e9cialement dessin\u00e9 pour notre association et d\u00e9pos\u00e9 au \u00ab Scottish Register of Tartans \u00bb. Il est compos\u00e9 de 5 couleurs : deux bleus diff\u00e9rents &hellip; <\/p>\n<p class=\"link-more\"><a href=\"https:\/\/club-kilt.bzh\/?page_id=3074\" class=\"more-link\">Lire la suite de<span class=\"screen-reader-text\">\u00ab\u00a0Qui sommes-nous ?\u00a0\u00bb<\/span><\/a><\/p>\n","protected":false},"author":3,"featured_media":0,"parent":0,"menu_order":0,"comment_status":"closed","ping_status":"closed","template":"","meta":{"footnotes":""},"class_list":["post-3074","page","type-page","status-publish","hentry"],"aioseo_notices":[],"_links":{"self":[{"href":"https:\/\/club-kilt.bzh\/index.php?rest_route=\/wp\/v2\/pages\/3074","targetHints":{"allow":["GET"]}}],"collection":[{"href":"https:\/\/club-kilt.bzh\/index.php?rest_route=\/wp\/v2\/pages"}],"about":[{"href":"https:\/\/club-kilt.bzh\/index.php?rest_route=\/wp\/v2\/types\/page"}],"author":[{"embeddable":true,"href":"https:\/\/club-kilt.bzh\/index.php?rest_route=\/wp\/v2\/users\/3"}],"replies":[{"embeddable":true,"href":"https:\/\/club-kilt.bzh\/index.php?rest_route=%2Fwp%2Fv2%2Fcomments&post=3074"}],"version-history":[{"count":55,"href":"https:\/\/club-kilt.bzh\/index.php?rest_route=\/wp\/v2\/pages\/3074\/revisions"}],"predecessor-version":[{"id":4172,"href":"https:\/\/club-kilt.bzh\/index.php?rest_route=\/wp\/v2\/pages\/3074\/revisions\/4172"}],"wp:attachment":[{"href":"https:\/\/club-kilt.bzh\/index.php?rest_route=%2Fwp%2Fv2%2Fmedia&parent=3074"}],"curies":[{"name":"wp","href":"https:\/\/api.w.org\/{rel}","templated":true}]}}